{"version":"1.0","provider_name":"Pallokarhut, lentopallo","provider_url":"https:\/\/www.pallokarhut.fi\/lentopallo","author_name":"davas_saara","author_url":"https:\/\/www.pallokarhut.fi\/lentopallo\/author\/davas_saara\/","title":"Koutsin tilinp\u00e4\u00e4t\u00f6s menneest\u00e4 kaudesta ja katsaus tulevaan - Pallokarhut, lentopallo","type":"rich","width":600,"height":338,"html":"<blockquote class=\"wp-embedded-content\" data-secret=\"IDFO3fxlU5\"><a href=\"https:\/\/www.pallokarhut.fi\/lentopallo\/koutsin-tilinpaatos-menneesta-kaudesta-ja-katsaus-tulevaan\/\">Koutsin tilinp\u00e4\u00e4t\u00f6s menneest\u00e4 kaudesta ja katsaus tulevaan<\/a><\/blockquote><iframe sandbox=\"allow-scripts\" security=\"restricted\" src=\"https:\/\/www.pallokarhut.fi\/lentopallo\/koutsin-tilinpaatos-menneesta-kaudesta-ja-katsaus-tulevaan\/embed\/#?secret=IDFO3fxlU5\" width=\"600\" height=\"338\" title=\"&#8221;Koutsin tilinp\u00e4\u00e4t\u00f6s menneest\u00e4 kaudesta ja katsaus tulevaan&#8221; &#8212; Pallokarhut, lentopallo\" data-secret=\"IDFO3fxlU5\" frameborder=\"0\" marginwidth=\"0\" marginheight=\"0\" scrolling=\"no\" class=\"wp-embedded-content\"><\/iframe><script>\n\/*! This file is auto-generated *\/\n!function(d,l){\"use strict\";l.querySelector&&d.addEventListener&&\"undefined\"!=typeof URL&&(d.wp=d.wp||{},d.wp.receiveEmbedMessage||(d.wp.receiveEmbedMessage=function(e){var t=e.data;if((t||t.secret||t.message||t.value)&&!\/[^a-zA-Z0-9]\/.test(t.secret)){for(var s,r,n,a=l.querySelectorAll('iframe[data-secret=\"'+t.secret+'\"]'),o=l.querySelectorAll('blockquote[data-secret=\"'+t.secret+'\"]'),c=new RegExp(\"^https?:$\",\"i\"),i=0;i<o.length;i++)o[i].style.display=\"none\";for(i=0;i<a.length;i++)s=a[i],e.source===s.contentWindow&&(s.removeAttribute(\"style\"),\"height\"===t.message?(1e3<(r=parseInt(t.value,10))?r=1e3:~~r<200&&(r=200),s.height=r):\"link\"===t.message&&(r=new URL(s.getAttribute(\"src\")),n=new URL(t.value),c.test(n.protocol))&&n.host===r.host&&l.activeElement===s&&(d.top.location.href=t.value))}},d.addEventListener(\"message\",d.wp.receiveEmbedMessage,!1),l.addEventListener(\"DOMContentLoaded\",function(){for(var e,t,s=l.querySelectorAll(\"iframe.wp-embedded-content\"),r=0;r<s.length;r++)(t=(e=s[r]).getAttribute(\"data-secret\"))||(t=Math.random().toString(36).substring(2,12),e.src+=\"#?secret=\"+t,e.setAttribute(\"data-secret\",t)),e.contentWindow.postMessage({message:\"ready\",secret:t},\"*\")},!1)))}(window,document);\n\/\/# sourceURL=https:\/\/www.pallokarhut.fi\/lentopallo\/wp-includes\/js\/wp-embed.min.js\n<\/script>\n","thumbnail_url":"https:\/\/www.pallokarhut.fi\/lentopallo\/wp-content\/uploads\/2017\/04\/tuomas.jpg","thumbnail_width":300,"thumbnail_height":303,"description":"Kuusamossa pelattiin t\u00e4n\u00e4 vuonna lentopalloa pidemm\u00e4lle kev\u00e4\u00e4seen kuin koskaan aikaisemmin, vaikka ulkona viel\u00e4 aika talviselta n\u00e4ytt\u00e4\u00e4kin. Milt\u00e4 kausi n\u00e4ytti n\u00e4in valmentajan mielest\u00e4? Koitan pohtia asiaa hieman eri n\u00e4k\u00f6kulmista katsottuna. Jos katsotaan kautta puhtaasti tuloksen kautta, niin 4. sija on hyv\u00e4 saavutus. Joukkueen unelma oli mitali ja siit\u00e4 j\u00e4imme yhden voiton p\u00e4\u00e4h\u00e4n. Seura on k\u00e4sitt\u00e4\u00e4kseni tyytyv\u00e4inen [&hellip;]"}