{"version":"1.0","provider_name":"Pallokarhut, lentopallo","provider_url":"https:\/\/www.pallokarhut.fi\/lentopallo","author_name":"davas_saara","author_url":"https:\/\/www.pallokarhut.fi\/lentopallo\/author\/davas_saara\/","title":"Iida-Emilia maajoukkueleirille - Pallokarhut, lentopallo","type":"rich","width":600,"height":338,"html":"<blockquote class=\"wp-embedded-content\" data-secret=\"9hX6y14S3m\"><a href=\"https:\/\/www.pallokarhut.fi\/lentopallo\/iida-emilia-maajoukkueleirille\/\">Iida-Emilia maajoukkueleirille<\/a><\/blockquote><iframe sandbox=\"allow-scripts\" security=\"restricted\" src=\"https:\/\/www.pallokarhut.fi\/lentopallo\/iida-emilia-maajoukkueleirille\/embed\/#?secret=9hX6y14S3m\" width=\"600\" height=\"338\" title=\"&#8221;Iida-Emilia maajoukkueleirille&#8221; &#8212; Pallokarhut, lentopallo\" data-secret=\"9hX6y14S3m\" frameborder=\"0\" marginwidth=\"0\" marginheight=\"0\" scrolling=\"no\" class=\"wp-embedded-content\"><\/iframe><script>\n\/*! This file is auto-generated *\/\n!function(d,l){\"use strict\";l.querySelector&&d.addEventListener&&\"undefined\"!=typeof URL&&(d.wp=d.wp||{},d.wp.receiveEmbedMessage||(d.wp.receiveEmbedMessage=function(e){var t=e.data;if((t||t.secret||t.message||t.value)&&!\/[^a-zA-Z0-9]\/.test(t.secret)){for(var s,r,n,a=l.querySelectorAll('iframe[data-secret=\"'+t.secret+'\"]'),o=l.querySelectorAll('blockquote[data-secret=\"'+t.secret+'\"]'),c=new RegExp(\"^https?:$\",\"i\"),i=0;i<o.length;i++)o[i].style.display=\"none\";for(i=0;i<a.length;i++)s=a[i],e.source===s.contentWindow&&(s.removeAttribute(\"style\"),\"height\"===t.message?(1e3<(r=parseInt(t.value,10))?r=1e3:~~r<200&&(r=200),s.height=r):\"link\"===t.message&&(r=new URL(s.getAttribute(\"src\")),n=new URL(t.value),c.test(n.protocol))&&n.host===r.host&&l.activeElement===s&&(d.top.location.href=t.value))}},d.addEventListener(\"message\",d.wp.receiveEmbedMessage,!1),l.addEventListener(\"DOMContentLoaded\",function(){for(var e,t,s=l.querySelectorAll(\"iframe.wp-embedded-content\"),r=0;r<s.length;r++)(t=(e=s[r]).getAttribute(\"data-secret\"))||(t=Math.random().toString(36).substring(2,12),e.src+=\"#?secret=\"+t,e.setAttribute(\"data-secret\",t)),e.contentWindow.postMessage({message:\"ready\",secret:t},\"*\")},!1)))}(window,document);\n\/\/# sourceURL=https:\/\/www.pallokarhut.fi\/lentopallo\/wp-includes\/js\/wp-embed.min.js\n<\/script>\n","thumbnail_url":"https:\/\/www.pallokarhut.fi\/lentopallo\/wp-content\/uploads\/2014\/04\/iida-emilia.jpg","thumbnail_width":323,"thumbnail_height":413,"description":"Pallo-Karhujen ensi kauden liigapelaajistoon kuuluva Iida-Emilia Kivimurto on mukana naisten maajoukkueen avausleirill\u00e4, joka alkaa Kuortaneen urheiluopistolla heti vapun j\u00e4lkeen 2.5. Maajoukkuevalmentaja Tapio Kangasniemen mielest\u00e4 varsinkin leirille mukaan kutsuttu keskitorjujaosasto on tasaista. Avausleirille Kangasniemi on kutsunut yhteens\u00e4 20 lentopalloilijaa, joista seuraavalle leirille mukaan p\u00e4\u00e4see 14&nbsp; pelaajaa. Onnittelut Iida-Emilialle valinnasta ja toivotaan jatkoon p\u00e4\u00e4sy\u00e4 kovien keskitorjujien joukosta! [&hellip;]"}